{"id":368,"date":"2025-07-31T11:40:07","date_gmt":"2025-07-31T14:40:07","guid":{"rendered":"https:\/\/leea.uenf.br\/?page_id=368"},"modified":"2025-07-31T18:39:25","modified_gmt":"2025-07-31T21:39:25","slug":"sobre-nos_uesi","status":"publish","type":"page","link":"https:\/\/leea.uenf.br\/?page_id=368","title":{"rendered":"Sobre n\u00f3s_UESI"},"content":{"rendered":"\n<p class=\"has-text-color has-link-color wp-elements-2032de8c2ac515ae3db78a64b53b17f5\" style=\"color:#d78936\"><strong>&gt;&gt; SOBRE N\u00d3S<\/strong><\/p>\n\n\n\n<p><strong>A UESI-UENF<\/strong> \u00e9 um espa\u00e7o dedicado \u00e0s pesquisas cient\u00edficas interdisciplinares e divulga\u00e7\u00e3o de conhecimentos a partir de metodologias dial\u00f3gicas ancoradas na produ\u00e7\u00e3o e circula\u00e7\u00e3o de imagem e som.<\/p>\n\n\n\n<p class=\"has-text-color has-link-color wp-elements-d9cbf60485f25551a5f2ad76e1a7e728\" style=\"color:#d78936\"><strong>&gt;&gt; NOSSA EQUIPE<\/strong><\/p>\n\n\n\n<p>Nossa equipe \u00e9 composta por professoras\/es, t\u00e9cnicas\/os, alunas\/os e bolsistas de Universidade Aberta que vem desenvolvendo pesquisas, mostras e divulga\u00e7\u00e3o de eventos no CCH a partir da UESI, do NEABI, do GEPMU \u2013 UENF em colabora\u00e7\u00e3o com os Projetos de Educa\u00e7\u00e3o Ambiental (PEA) Pescarte e Territ\u00f3rios do Petr\u00f3leo.<\/p>\n\n\n\n<p>Nossa equipe t\u00e9cnica \u00e9 respons\u00e1vel pela din\u00e2mica de atividades acad\u00eamicas que envolvem a atua\u00e7\u00e3o no suporte \u00e0s atividades de ensino, pesquisa e extens\u00e3o universit\u00e1ria desenvolvidas no \u00e2mbito do LEEA e do CCH-UENF.<\/p>\n\n\n\n<p><strong>Fellipe Luna<\/strong>&nbsp;\u2013 T\u00e9cnico em inform\u00e1tica. Respons\u00e1vel pela manuten\u00e7\u00e3o de equipamentos e acervos. Atua no suporte ao desenvolvimento da produ\u00e7\u00e3o audiovisual.<\/p>\n\n\n\n<p><strong>Nicole Manh\u00e3es<\/strong>&nbsp;\u2013 T\u00e9cnica em inform\u00e1tica. Respons\u00e1vel pela manuten\u00e7\u00e3o de equipamentos e atualiza\u00e7\u00e3o de sofwares.<\/p>\n\n\n\n<p><strong>Lilian Sagio Cezar<\/strong>&nbsp;\u2013 Professora Associada. Coordenadora e Pesquisadora que atua no campo da Antropologia Visual, Comunica\u00e7\u00e3o Comunit\u00e1ria e Ecologias Comunicativas.<\/p>\n\n\n\n\n","protected":false},"excerpt":{"rendered":"<p>&gt;&gt; SOBRE N\u00d3S A UESI-UENF \u00e9 um espa\u00e7o dedicado \u00e0s pesquisas cient\u00edficas interdisciplinares e divulga\u00e7\u00e3o de conhecimentos a partir de metodologias dial\u00f3gicas ancoradas na produ\u00e7\u00e3o e circula\u00e7\u00e3o de imagem e som. &gt;&gt; NOSSA EQUIPE Nossa equipe \u00e9 composta por professoras\/es, t\u00e9cnicas\/os, alunas\/os e bolsistas de Universidade Aberta que vem desenvolvendo pesquisas, mostras e divulga\u00e7\u00e3o de [&hellip;]<\/p>\n","protected":false},"author":1,"featured_media":0,"parent":0,"menu_order":0,"comment_status":"closed","ping_status":"closed","template":"page-sobre-nos_uesi-template","meta":{"saved_in_kubio":true,"footnotes":""},"class_list":["post-368","page","type-page","status-publish","hentry"],"kubio_ai_page_context":{"short_desc":"","purpose":"general"},"_links":{"self":[{"href":"https:\/\/leea.uenf.br\/index.php?rest_route=\/wp\/v2\/pages\/368","targetHints":{"allow":["GET"]}}],"collection":[{"href":"https:\/\/leea.uenf.br\/index.php?rest_route=\/wp\/v2\/pages"}],"about":[{"href":"https:\/\/leea.uenf.br\/index.php?rest_route=\/wp\/v2\/types\/page"}],"author":[{"embeddable":true,"href":"https:\/\/leea.uenf.br\/index.php?rest_route=\/wp\/v2\/users\/1"}],"replies":[{"embeddable":true,"href":"https:\/\/leea.uenf.br\/index.php?rest_route=%2Fwp%2Fv2%2Fcomments&post=368"}],"version-history":[{"count":7,"href":"https:\/\/leea.uenf.br\/index.php?rest_route=\/wp\/v2\/pages\/368\/revisions"}],"predecessor-version":[{"id":417,"href":"https:\/\/leea.uenf.br\/index.php?rest_route=\/wp\/v2\/pages\/368\/revisions\/417"}],"wp:attachment":[{"href":"https:\/\/leea.uenf.br\/index.php?rest_route=%2Fwp%2Fv2%2Fmedia&parent=368"}],"curies":[{"name":"wp","href":"https:\/\/api.w.org\/{rel}","templated":true}]}}